{"id":418,"date":"2025-10-22T10:40:36","date_gmt":"2025-10-22T15:40:36","guid":{"rendered":"https:\/\/visovi.com.co\/santateresita\/?page_id=418"},"modified":"2025-11-11T16:50:43","modified_gmt":"2025-11-11T21:50:43","slug":"noticias","status":"publish","type":"page","link":"https:\/\/visovi.com.co\/santateresita\/noticias\/","title":{"rendered":"noticias"},"content":{"rendered":"\t\t<div data-elementor-type=\"wp-page\" data-elementor-id=\"418\" class=\"elementor elementor-418\">\n\t\t\t\t<div class=\"elementor-element elementor-element-ae7d42c e-flex e-con-boxed e-con e-parent\" data-id=\"ae7d42c\" data-element_type=\"container\" data-e-type=\"container\">\n\t\t\t\t\t<div class=\"e-con-inner\">\n\t\t\t\t<div class=\"elementor-element elementor-element-0d39a61 elementor-widget elementor-widget-heading\" data-id=\"0d39a61\" data-element_type=\"widget\" data-e-type=\"widget\" data-widget_type=\"heading.default\">\n\t\t\t\t\t<h1 class=\"elementor-heading-title elementor-size-default\">Noticias de interes<\/h1>\t\t\t\t<\/div>\n\t\t\t\t\t<\/div>\n\t\t\t\t<\/div>\n\t\t<div class=\"elementor-element elementor-element-df9c535 e-flex e-con-boxed e-con e-parent\" data-id=\"df9c535\" data-element_type=\"container\" data-e-type=\"container\">\n\t\t\t\t\t<div class=\"e-con-inner\">\n\t\t\t\t<div class=\"elementor-element elementor-element-e56b846 elementor-widget elementor-widget-prime-slider-mercury\" data-id=\"e56b846\" data-element_type=\"widget\" data-e-type=\"widget\" data-widget_type=\"prime-slider-mercury.default\">\n\t\t\t\t\t\n                    <div class=\"bdt-prime-slider-mercury\">\n        <div id=\"bdt-prime-slider-e56b846\" class=\"bdt-mercury-slider elementor-swiper\" data-settings=\"{&quot;autoplay&quot;:{&quot;delay&quot;:5000},&quot;loop&quot;:true,&quot;speed&quot;:900,&quot;effect&quot;:&quot;slide&quot;,&quot;gl&quot;:{&quot;shader&quot;:&quot;random&quot;},&quot;fadeEffect&quot;:{&quot;crossFade&quot;:true},&quot;lazy&quot;:{&quot;loadPrevNext&quot;:&quot;true&quot;},&quot;parallax&quot;:true,&quot;watchSlidesProgress&quot;:true,&quot;pauseOnHover&quot;:true,&quot;slidesPerView&quot;:1,&quot;loopedSlides&quot;:4,&quot;navigation&quot;:{&quot;nextEl&quot;:&quot;#bdt-prime-slider-e56b846 .bdt-button-next&quot;,&quot;prevEl&quot;:&quot;#bdt-prime-slider-e56b846 .bdt-button-prev&quot;},&quot;pagination&quot;:{&quot;el&quot;:&quot;#bdt-prime-slider-e56b846 .swiper-pagination&quot;,&quot;clickable&quot;:&quot;true&quot;}}\">\n            <div class=\"bdt-mercury-image-slider swiper\" role=\"region\" aria-roledescription=\"carousel\" aria-label=\"Mercury Slider\" dir=\"ltr\">\n                <div class=\"swiper-wrapper\">\n        \n        <div class=\"bdt-item  swiper-slide\">\n            <div class=\"bdt-img-wrap\" data-reveal=\"reveal-active\">\n                <img fetchpriority=\"high\" decoding=\"async\" width=\"2560\" height=\"1707\" src=\"https:\/\/visovi.com.co\/santateresita\/wp-content\/uploads\/2025\/10\/golf-scaled.jpg\" class=\"bdt-img swiper-lazy\" alt=\"Conoce nuestros espacios recreativos disponibles para ti\" srcset=\"https:\/\/visovi.com.co\/santateresita\/wp-content\/uploads\/2025\/10\/golf-scaled.jpg 2560w, https:\/\/visovi.com.co\/santateresita\/wp-content\/uploads\/2025\/10\/golf-300x200.jpg 300w, https:\/\/visovi.com.co\/santateresita\/wp-content\/uploads\/2025\/10\/golf-1024x683.jpg 1024w, https:\/\/visovi.com.co\/santateresita\/wp-content\/uploads\/2025\/10\/golf-768x512.jpg 768w, https:\/\/visovi.com.co\/santateresita\/wp-content\/uploads\/2025\/10\/golf-1536x1024.jpg 1536w, https:\/\/visovi.com.co\/santateresita\/wp-content\/uploads\/2025\/10\/golf-2048x1365.jpg 2048w\" sizes=\"(max-width: 2560px) 100vw, 2560px\" \/>            <\/div>\n        <\/div>\n\n        \n        <div class=\"bdt-item  swiper-slide\">\n            <div class=\"bdt-img-wrap\" data-reveal=\"reveal-active\">\n                <img decoding=\"async\" width=\"2560\" height=\"1666\" src=\"https:\/\/visovi.com.co\/santateresita\/wp-content\/uploads\/2025\/10\/pay-scaled-e1761082888660.jpg\" class=\"bdt-img swiper-lazy\" alt=\"Ahora puedes hacer el pago de administraci\u00f3n en linea\" srcset=\"https:\/\/visovi.com.co\/santateresita\/wp-content\/uploads\/2025\/10\/pay-scaled-e1761082888660.jpg 2560w, https:\/\/visovi.com.co\/santateresita\/wp-content\/uploads\/2025\/10\/pay-scaled-e1761082888660-300x195.jpg 300w, https:\/\/visovi.com.co\/santateresita\/wp-content\/uploads\/2025\/10\/pay-scaled-e1761082888660-1024x666.jpg 1024w, https:\/\/visovi.com.co\/santateresita\/wp-content\/uploads\/2025\/10\/pay-scaled-e1761082888660-768x500.jpg 768w, https:\/\/visovi.com.co\/santateresita\/wp-content\/uploads\/2025\/10\/pay-scaled-e1761082888660-1536x1000.jpg 1536w, https:\/\/visovi.com.co\/santateresita\/wp-content\/uploads\/2025\/10\/pay-scaled-e1761082888660-2048x1333.jpg 2048w\" sizes=\"(max-width: 2560px) 100vw, 2560px\" \/>            <\/div>\n        <\/div>\n\n        \n        <div class=\"bdt-item  swiper-slide\">\n            <div class=\"bdt-img-wrap\" data-reveal=\"reveal-active\">\n                <img decoding=\"async\" width=\"1200\" height=\"900\" src=\"https:\/\/visovi.com.co\/santateresita\/wp-content\/uploads\/2025\/10\/cartel.webp\" class=\"bdt-img swiper-lazy\" alt=\"Asamblea General A\u00f1o 2025\" srcset=\"https:\/\/visovi.com.co\/santateresita\/wp-content\/uploads\/2025\/10\/cartel.webp 1200w, https:\/\/visovi.com.co\/santateresita\/wp-content\/uploads\/2025\/10\/cartel-300x225.webp 300w, https:\/\/visovi.com.co\/santateresita\/wp-content\/uploads\/2025\/10\/cartel-1024x768.webp 1024w, https:\/\/visovi.com.co\/santateresita\/wp-content\/uploads\/2025\/10\/cartel-768x576.webp 768w\" sizes=\"(max-width: 1200px) 100vw, 1200px\" \/>            <\/div>\n        <\/div>\n\n                        <\/div>\n                                <div class=\"bdt-navigation-wrap reveal-muted\">\n                    <div class=\"bdt-button-next\">\n                        <i class=\"ps-wi-arrow-right\"><\/i>\n                    <\/div>\n                    <div class=\"bdt-button-prev\">\n                        <i class=\"ps-wi-arrow-left\"><\/i>\n                    <\/div>\n                <\/div>\n                            <\/div>\n                    <div thumbsSlider=\"\" class=\"bdt-mercury-content-slider swiper\">\n                <div class=\"swiper-wrapper\">\n                    \n        <div class=\"bdt-item swiper-slide\">\n            <div class=\"bdt-content\">\n                                                    <div data-swiper-parallax=\"-200\" data-swiper-parallax-duration=\"1000\">\n                        <h3 class=\"bdt-title\" data-reveal=\"reveal-active\">\n\t\t\t\t<a href=\"https:\/\/visovi.com.co\/santateresita\/conoce-nuestros-espacios-recreativos-disponibles-para-ti\/\" title=\"Conoce nuestros espacios recreativos disponibles para ti\">Conoce nuestros espacios recreativos disponibles para ti<\/a>\n\t\t\t<\/h3>                    <\/div>\n                \n                        <div class=\"bdt-desc\" data-reveal=\"reveal-active\" data-swiper-parallax=\"-150\" data-swiper-parallax-duration=\"1100\">\n            <p>En el condominio campestre santateresita encontrar\u00e1s una amplia variedad de espacios recreativos dise\u00f1ados para todas las edades. Conocelos aqui...<\/p>\n        <\/div>\n        \n                                    <div class=\"bdt-meta\" data-reveal=\"reveal-active\" data-swiper-parallax=\"-300\" data-swiper-parallax-duration=\"800\">\n                                                                                <div class=\"bdt-flex bdt-flex-middle\">\n            <div class=\"bdt-date\">\n                <i class=\"ps-wi-calendar\" aria-hidden=\"true\"><\/i>\n                <span>\n                    octubre 22, 2025                <\/span>\n\n            <\/div>\n                    <\/div>\n\n                            <\/div>\n                \n            <\/div>\n        <\/div>\n        \n        <div class=\"bdt-item swiper-slide\">\n            <div class=\"bdt-content\">\n                                                    <div data-swiper-parallax=\"-200\" data-swiper-parallax-duration=\"1000\">\n                        <h3 class=\"bdt-title\" data-reveal=\"reveal-active\">\n\t\t\t\t<a href=\"https:\/\/visovi.com.co\/santateresita\/ahora-puedes-hacer-el-pago-de-administracion-en-linea\/\" title=\"Ahora puedes hacer el pago de administraci\u00f3n en linea\">Ahora puedes hacer el pago de administraci\u00f3n en linea<\/a>\n\t\t\t<\/h3>                    <\/div>\n                \n                        <div class=\"bdt-desc\" data-reveal=\"reveal-active\" data-swiper-parallax=\"-150\" data-swiper-parallax-duration=\"1100\">\n            <p>A partir de pasado 3 de octubre puedes realizar el pago de administraci\u00f3n de manera virtual sin complicaciones. Aqui te ense\u00f1amos todo el proceso.<\/p>\n        <\/div>\n        \n                                    <div class=\"bdt-meta\" data-reveal=\"reveal-active\" data-swiper-parallax=\"-300\" data-swiper-parallax-duration=\"800\">\n                                                                                <div class=\"bdt-flex bdt-flex-middle\">\n            <div class=\"bdt-date\">\n                <i class=\"ps-wi-calendar\" aria-hidden=\"true\"><\/i>\n                <span>\n                    octubre 22, 2025                <\/span>\n\n            <\/div>\n                    <\/div>\n\n                            <\/div>\n                \n            <\/div>\n        <\/div>\n        \n        <div class=\"bdt-item swiper-slide\">\n            <div class=\"bdt-content\">\n                                                    <div data-swiper-parallax=\"-200\" data-swiper-parallax-duration=\"1000\">\n                        <h3 class=\"bdt-title\" data-reveal=\"reveal-active\">\n\t\t\t\t<a href=\"https:\/\/visovi.com.co\/santateresita\/asamblea-general-ano-2025\/\" title=\"Asamblea General A\u00f1o 2025\">Asamblea General A\u00f1o 2025<\/a>\n\t\t\t<\/h3>                    <\/div>\n                \n                        <div class=\"bdt-desc\" data-reveal=\"reveal-active\" data-swiper-parallax=\"-150\" data-swiper-parallax-duration=\"1100\">\n            <p>Este jueves 23 de noviembre de 2025 a las 5:00 pm se llevar\u00e1 acabo la LXXIV Asamblea General de Propietarios. A continuaci\u00f3n, encontrar\u00e1s todas los documentos relacionados:<\/p>\n        <\/div>\n        \n                                    <div class=\"bdt-meta\" data-reveal=\"reveal-active\" data-swiper-parallax=\"-300\" data-swiper-parallax-duration=\"800\">\n                                                                                <div class=\"bdt-flex bdt-flex-middle\">\n            <div class=\"bdt-date\">\n                <i class=\"ps-wi-calendar\" aria-hidden=\"true\"><\/i>\n                <span>\n                    octubre 22, 2025                <\/span>\n\n            <\/div>\n                    <\/div>\n\n                            <\/div>\n                \n            <\/div>\n        <\/div>\n                        <\/div>\n            <\/div>\n\n        <\/div>\n        <\/div>\n        \t\t\t\t<\/div>\n\t\t\t\t<div class=\"elementor-element elementor-element-f9c6d52 elementor-grid-eael-col-3 elementor-grid-tablet-eael-col-2 elementor-grid-mobile-eael-col-1 elementor-widget elementor-widget-eael-post-grid\" data-id=\"f9c6d52\" data-element_type=\"widget\" data-e-type=\"widget\" data-settings=\"{&quot;eael_post_grid_columns&quot;:&quot;eael-col-3&quot;,&quot;eael_post_grid_columns_tablet&quot;:&quot;eael-col-2&quot;,&quot;eael_post_grid_columns_mobile&quot;:&quot;eael-col-1&quot;}\" data-widget_type=\"eael-post-grid.default\">\n\t\t\t\t\t<div id=\"eael-post-grid-f9c6d52\" class=\"eael-post-grid-container\">\n            <div class=\"eael-post-grid eael-post-appender eael-post-appender-f9c6d52 eael-post-grid-style-two\" data-layout-mode=\"masonry\"><article class=\"eael-grid-post  eael-post-grid-column eael-pg-post-590 category-noticias\" data-id=\"590\">\n    <div class=\"eael-grid-post-holder\">\n        <div class=\"eael-grid-post-holder-inner\"><div class=\"eael-entry-media\"><ul class=\"post-carousel-categories\"><li><a href=\"https:\/\/visovi.com.co\/santateresita\/category\/noticias\/\">Noticias<\/a><\/li><\/ul><div class=\"eael-entry-overlay none\"><i class=\"fas fa-long-arrow-alt-right\" aria-hidden=\"true\"><\/i><a href=\"https:\/\/visovi.com.co\/santateresita\/conoce-nuestros-espacios-recreativos-disponibles-para-ti\/\"><\/a><\/div><div class=\"eael-entry-thumbnail \">\n                            <img loading=\"lazy\" decoding=\"async\" width=\"768\" height=\"512\" src=\"https:\/\/visovi.com.co\/santateresita\/wp-content\/uploads\/2025\/10\/golf-768x512.jpg\" class=\"attachment-medium_large size-medium_large wp-image-175\" alt=\"familia jugando golf\" srcset=\"https:\/\/visovi.com.co\/santateresita\/wp-content\/uploads\/2025\/10\/golf-768x512.jpg 768w, https:\/\/visovi.com.co\/santateresita\/wp-content\/uploads\/2025\/10\/golf-300x200.jpg 300w, https:\/\/visovi.com.co\/santateresita\/wp-content\/uploads\/2025\/10\/golf-1024x683.jpg 1024w, https:\/\/visovi.com.co\/santateresita\/wp-content\/uploads\/2025\/10\/golf-1536x1024.jpg 1536w, https:\/\/visovi.com.co\/santateresita\/wp-content\/uploads\/2025\/10\/golf-2048x1365.jpg 2048w\" sizes=\"(max-width: 768px) 100vw, 768px\" \/>\n                            <\/div>\n                    <\/div><div class=\"eael-entry-wrapper\"><header class=\"eael-entry-header\"><h2 class=\"eael-entry-title\"><a class=\"eael-grid-post-link\" href=\"https:\/\/visovi.com.co\/santateresita\/conoce-nuestros-espacios-recreativos-disponibles-para-ti\/\" title=\"Conoce nuestros espacios recreativos disponibles para ti\">Conoce nuestros espacios recreativos disponibles para ti<\/a><\/h2><\/header><div class=\"eael-entry-header-after style-two\"><div class=\"eael-entry-meta\"><span class=\"eael-posted-on eael-meta-posted-on\"><i class=\"far fa-clock\"><\/i><time datetime=\"octubre 22, 2025\">octubre 22, 2025<\/time><\/span><\/div><\/div><div class=\"eael-entry-content\">\n                                <div class=\"eael-grid-post-excerpt\"><p>En el condominio campestre santateresita encontrar\u00e1s una amplia variedad de espacios recreativos dise\u00f1ados para todas las edades. Conocelos aqui&#8230;<\/p><a href=\"https:\/\/visovi.com.co\/santateresita\/conoce-nuestros-espacios-recreativos-disponibles-para-ti\/\" class=\"eael-post-elements-readmore-btn\"target=\"_blank\">Leer m\u00e1s<\/a><\/div>\n                            <\/div><\/div><\/div>\n    <\/div>\n<\/article><article class=\"eael-grid-post  eael-post-grid-column eael-pg-post-588 category-noticias\" data-id=\"588\">\n    <div class=\"eael-grid-post-holder\">\n        <div class=\"eael-grid-post-holder-inner\"><div class=\"eael-entry-media\"><ul class=\"post-carousel-categories\"><li><a href=\"https:\/\/visovi.com.co\/santateresita\/category\/noticias\/\">Noticias<\/a><\/li><\/ul><div class=\"eael-entry-overlay none\"><i class=\"fas fa-long-arrow-alt-right\" aria-hidden=\"true\"><\/i><a href=\"https:\/\/visovi.com.co\/santateresita\/ahora-puedes-hacer-el-pago-de-administracion-en-linea\/\"><\/a><\/div><div class=\"eael-entry-thumbnail \">\n                            <img loading=\"lazy\" decoding=\"async\" width=\"768\" height=\"500\" src=\"https:\/\/visovi.com.co\/santateresita\/wp-content\/uploads\/2025\/10\/pay-scaled-e1761082888660-768x500.jpg\" class=\"attachment-medium_large size-medium_large wp-image-174\" alt=\"Hombre Mayor Y Mujer Joven Mirando un celular pagando la administraci\u00f3n del conjunto\" srcset=\"https:\/\/visovi.com.co\/santateresita\/wp-content\/uploads\/2025\/10\/pay-scaled-e1761082888660-768x500.jpg 768w, https:\/\/visovi.com.co\/santateresita\/wp-content\/uploads\/2025\/10\/pay-scaled-e1761082888660-300x195.jpg 300w, https:\/\/visovi.com.co\/santateresita\/wp-content\/uploads\/2025\/10\/pay-scaled-e1761082888660-1024x666.jpg 1024w, https:\/\/visovi.com.co\/santateresita\/wp-content\/uploads\/2025\/10\/pay-scaled-e1761082888660-1536x1000.jpg 1536w, https:\/\/visovi.com.co\/santateresita\/wp-content\/uploads\/2025\/10\/pay-scaled-e1761082888660-2048x1333.jpg 2048w\" sizes=\"(max-width: 768px) 100vw, 768px\" \/>\n                            <\/div>\n                    <\/div><div class=\"eael-entry-wrapper\"><header class=\"eael-entry-header\"><h2 class=\"eael-entry-title\"><a class=\"eael-grid-post-link\" href=\"https:\/\/visovi.com.co\/santateresita\/ahora-puedes-hacer-el-pago-de-administracion-en-linea\/\" title=\"Ahora puedes hacer el pago de administraci\u00f3n en linea\">Ahora puedes hacer el pago de administraci\u00f3n en linea<\/a><\/h2><\/header><div class=\"eael-entry-header-after style-two\"><div class=\"eael-entry-meta\"><span class=\"eael-posted-on eael-meta-posted-on\"><i class=\"far fa-clock\"><\/i><time datetime=\"octubre 22, 2025\">octubre 22, 2025<\/time><\/span><\/div><\/div><div class=\"eael-entry-content\">\n                                <div class=\"eael-grid-post-excerpt\"><p>A partir de pasado 3 de octubre puedes realizar el pago de administraci\u00f3n de manera virtual sin complicaciones. Aqui te...<\/p><a href=\"https:\/\/visovi.com.co\/santateresita\/ahora-puedes-hacer-el-pago-de-administracion-en-linea\/\" class=\"eael-post-elements-readmore-btn\"target=\"_blank\">Leer m\u00e1s<\/a><\/div>\n                            <\/div><\/div><\/div>\n    <\/div>\n<\/article><article class=\"eael-grid-post  eael-post-grid-column eael-pg-post-585 category-noticias\" data-id=\"585\">\n    <div class=\"eael-grid-post-holder\">\n        <div class=\"eael-grid-post-holder-inner\"><div class=\"eael-entry-media\"><ul class=\"post-carousel-categories\"><li><a href=\"https:\/\/visovi.com.co\/santateresita\/category\/noticias\/\">Noticias<\/a><\/li><\/ul><div class=\"eael-entry-overlay none\"><i class=\"fas fa-long-arrow-alt-right\" aria-hidden=\"true\"><\/i><a href=\"https:\/\/visovi.com.co\/santateresita\/asamblea-general-ano-2025\/\"><\/a><\/div><div class=\"eael-entry-thumbnail \">\n                            <img loading=\"lazy\" decoding=\"async\" width=\"768\" height=\"576\" src=\"https:\/\/visovi.com.co\/santateresita\/wp-content\/uploads\/2025\/10\/cartel-768x576.webp\" class=\"attachment-medium_large size-medium_large wp-image-176\" alt=\"cartel fisico del condominio\" srcset=\"https:\/\/visovi.com.co\/santateresita\/wp-content\/uploads\/2025\/10\/cartel-768x576.webp 768w, https:\/\/visovi.com.co\/santateresita\/wp-content\/uploads\/2025\/10\/cartel-300x225.webp 300w, https:\/\/visovi.com.co\/santateresita\/wp-content\/uploads\/2025\/10\/cartel-1024x768.webp 1024w, https:\/\/visovi.com.co\/santateresita\/wp-content\/uploads\/2025\/10\/cartel.webp 1200w\" sizes=\"(max-width: 768px) 100vw, 768px\" \/>\n                            <\/div>\n                    <\/div><div class=\"eael-entry-wrapper\"><header class=\"eael-entry-header\"><h2 class=\"eael-entry-title\"><a class=\"eael-grid-post-link\" href=\"https:\/\/visovi.com.co\/santateresita\/asamblea-general-ano-2025\/\" title=\"Asamblea General A\u00f1o 2025\">Asamblea General A\u00f1o 2025<\/a><\/h2><\/header><div class=\"eael-entry-header-after style-two\"><div class=\"eael-entry-meta\"><span class=\"eael-posted-on eael-meta-posted-on\"><i class=\"far fa-clock\"><\/i><time datetime=\"octubre 22, 2025\">octubre 22, 2025<\/time><\/span><\/div><\/div><div class=\"eael-entry-content\">\n                                <div class=\"eael-grid-post-excerpt\"><p>Este jueves 23 de noviembre de 2025 a las 5:00 pm se llevar\u00e1 acabo la LXXIV Asamblea General de Propietarios....<\/p><a href=\"https:\/\/visovi.com.co\/santateresita\/asamblea-general-ano-2025\/\" class=\"eael-post-elements-readmore-btn\"target=\"_blank\">Leer m\u00e1s<\/a><\/div>\n                            <\/div><\/div><\/div>\n    <\/div>\n<\/article><\/div>\n            <div class=\"clearfix\"><\/div>\n        <\/div>\t\t\t\t<\/div>\n\t\t\t\t\t<\/div>\n\t\t\t\t<\/div>\n\t\t<div class=\"elementor-element elementor-element-24990d7 e-grid e-con-boxed e-con e-parent\" data-id=\"24990d7\" data-element_type=\"container\" data-e-type=\"container\">\n\t\t\t\t\t<div class=\"e-con-inner\">\n\t\t<div class=\"elementor-element elementor-element-605adca e-con-full e-flex e-con e-child\" data-id=\"605adca\" data-element_type=\"container\" data-e-type=\"container\">\n\t\t\t\t<div class=\"elementor-element elementor-element-9309c7d elementor-widget elementor-widget-feedzy-rss-feeds\" data-id=\"9309c7d\" data-element_type=\"widget\" data-e-type=\"widget\" data-widget_type=\"feedzy-rss-feeds.default\">\n\t\t\t\t<div class=\"elementor-widget-container\">\n\t\t\t\t\t<p class=\"widget-title\">Meta<\/p><div class=\"feedzy-a203edd91168c5cc4ba791daf93a5d0e feedzy-rss\"><ul><li  style=\"padding: 15px 0 25px\" class=\"rss_item\"><span class=\"title\"><a href=\"https:\/\/www.viveelmeta.com\/autoridades-nacionales-del-riesgo-emiten-alerta-por-amenaza-de-deslizamientos-en-restrepo-meta-51896\/\" target=\"_blank\" rel=\" noopener\">Autoridades nacionales del riesgo emiten alerta por amenaza de deslizamientos en Restrepo, Meta<\/a><\/span><div class=\"rss_content\" style=\"\"><small>por <a href=\"\/\/www.viveelmeta.com\" target=\"_blank\" title=\"www.viveelmeta.com\">viveelmeta.com (viveelmeta.com)<\/a> <\/small><p>El pron\u00f3stico del IDEAM se relaciona con lluvias intensas o prolongadas y las condiciones del terreno, especialmente en zonas rurales y de ladera.<\/p><\/div><\/li><li  style=\"padding: 15px 0 25px\" class=\"rss_item\"><span class=\"title\"><a href=\"https:\/\/www.viveelmeta.com\/gobierno-nacional-anuncio-congelamiento-de-precios-de-gasolina-y-acpm-durante-septiembre-51900\/\" target=\"_blank\" rel=\" noopener\">Gobierno nacional anunci\u00f3 congelamiento de precios de gasolina y ACPM durante septiembre<\/a><\/span><div class=\"rss_content\" style=\"\"><small>por <a href=\"\/\/www.viveelmeta.com\" target=\"_blank\" title=\"www.viveelmeta.com\">viveelmeta.com (viveelmeta.com)<\/a> <\/small><p>La decisi\u00f3n busca evitar mayores costos en el transporte de alimentos, medicinas y ayudas hacia las zonas afectadas por el terremoto del 10 de agosto.<\/p><\/div><\/li><li  style=\"padding: 15px 0 25px\" class=\"rss_item\"><span class=\"title\"><a href=\"https:\/\/www.viveelmeta.com\/medicina-legal-reporta-62-menores-muertos-en-operaciones-militares-durante-gobierno-petro-51909\/\" target=\"_blank\" rel=\" noopener\">Medicina Legal reporta 62 menores muertos en operaciones militares durante gobierno Petro<\/a><\/span><div class=\"rss_content\" style=\"\"><small>por <a href=\"\/\/www.viveelmeta.com\" target=\"_blank\" title=\"www.viveelmeta.com\">viveelmeta.com (viveelmeta.com)<\/a> <\/small><p>La cifra supera en 20 casos la registrada durante el gobierno de Iv\u00e1n Duque, cuando 42 menores murieron en enfrentamientos.<\/p><\/div><\/li><\/ul> <\/div><style type=\"text\/css\" media=\"all\">.feedzy-rss .rss_item .rss_image{float:left;position:relative;border:none;text-decoration:none;max-width:100%}.feedzy-rss .rss_item .rss_image span{display:inline-block;position:absolute;width:100%;height:100%;background-position:50%;background-size:cover}.feedzy-rss .rss_item .rss_image{margin:.3em 1em 0 0;content-visibility:auto}.feedzy-rss ul{list-style:none}.feedzy-rss ul li{display:inline-block}<\/style>\t\t\t\t<\/div>\n\t\t\t\t<\/div>\n\t\t\t\t<\/div>\n\t\t<div class=\"elementor-element elementor-element-a012afc e-con-full e-flex e-con e-child\" data-id=\"a012afc\" data-element_type=\"container\" data-e-type=\"container\">\n\t\t\t\t<div class=\"elementor-element elementor-element-98dd771 elementor-widget elementor-widget-feedzy-rss-feeds\" data-id=\"98dd771\" data-element_type=\"widget\" data-e-type=\"widget\" data-widget_type=\"feedzy-rss-feeds.default\">\n\t\t\t\t<div class=\"elementor-widget-container\">\n\t\t\t\t\t<p class=\"widget-title\">Agronegocios.co<\/p><div class=\"feedzy-c2ac1d3400466866cc2a00e15dc75ddd feedzy-rss\"><ul><li  style=\"padding: 15px 0 25px\" class=\"rss_item\"><div class=\"rss_image\" style=\"height:150px;width:150px;\"><a href=\"https:\/\/www.agronegocios.co\/mercados\/papa-aguacate-y-limon-los-que-mas-se-encarecieron-4469288\" target=\"_blank\" rel=\" noopener\" title=\"Papa, aguacate y lim\u00f3n, los alimentos que m\u00e1s se encarecieron durante el \u00faltimo a\u00f1o\" style=\"height:150px;width:150px;\"><img decoding=\"async\" src=\"https:\/\/img.lalr.co\/cms\/2026\/08\/25170804\/Eco_VariacionPrecios_Pg5_1080x900.jpg\" title=\"Papa, aguacate y lim\u00f3n, los alimentos que m\u00e1s se encarecieron durante el \u00faltimo a\u00f1o\" style=\"height:150px;width:150px\"><\/a><\/div><span class=\"title\"><a href=\"https:\/\/www.agronegocios.co\/mercados\/papa-aguacate-y-limon-los-que-mas-se-encarecieron-4469288\" target=\"_blank\" rel=\" noopener\">Papa, aguacate y lim\u00f3n, los alimentos que m\u00e1s se encarecieron durante el \u00faltimo a\u00f1o<\/a><\/span><div class=\"rss_content\" style=\"\"><p>En los \u00faltimos 12 meses, el precio de la papa pastusa pas\u00f3 de $810 a $2.182 por kilo, lo que representa un aumento de 169,4%. Por su parte, el precio del aguacate hass creci\u00f3 alrededor de 65,7%<\/p><\/div><\/li><li  style=\"padding: 15px 0 25px\" class=\"rss_item\"><div class=\"rss_image\" style=\"height:150px;width:150px;\"><a href=\"https:\/\/www.agronegocios.co\/agricultura\/hernando-chica-presento-balance-de-despedida-del-banco-agrario-4469303\" target=\"_blank\" rel=\" noopener\" title=\"Hernando Chica Zuccardi presenta balance de despedida como presidente del Banco agrario\" style=\"height:150px;width:150px;\"><img decoding=\"async\" src=\"https:\/\/img.lalr.co\/cms\/2026\/08\/28103954\/Hernando-Chica-Zuccardi-presidente-del-Banco-Agrario.png\" title=\"Hernando Chica Zuccardi presenta balance de despedida como presidente del Banco agrario\" style=\"height:150px;width:150px\"><\/a><\/div><span class=\"title\"><a href=\"https:\/\/www.agronegocios.co\/agricultura\/hernando-chica-presento-balance-de-despedida-del-banco-agrario-4469303\" target=\"_blank\" rel=\" noopener\">Hernando Chica Zuccardi presenta balance de despedida como presidente del Banco agrario<\/a><\/span><div class=\"rss_content\" style=\"\"><p>El expresidente del Banco Agrario, Hernando Chica Zuccardi, recalc\u00f3 la importancia de las personas involucradas en el sector productivo del agro<\/p><\/div><\/li><li  style=\"padding: 15px 0 25px\" class=\"rss_item\"><div class=\"rss_image\" style=\"height:150px;width:150px;\"><a href=\"https:\/\/www.agronegocios.co\/finca\/trump-firma-decreto-para-ampliar-importaciones-para-reducir-elevados-precios-de-la-carne-de-vacuno-4469327\" target=\"_blank\" rel=\" noopener\" title=\"Trump firma decreto para ampliar importaciones para reducir elevados precios de la carne de vacuno\" style=\"height:150px;width:150px;\"><img decoding=\"async\" src=\"https:\/\/img.lalr.co\/cms\/2026\/08\/28105012\/Donald-Trump-presidente-de-Estados-Unidos-1.png\" title=\"Trump firma decreto para ampliar importaciones para reducir elevados precios de la carne de vacuno\" style=\"height:150px;width:150px\"><\/a><\/div><span class=\"title\"><a href=\"https:\/\/www.agronegocios.co\/finca\/trump-firma-decreto-para-ampliar-importaciones-para-reducir-elevados-precios-de-la-carne-de-vacuno-4469327\" target=\"_blank\" rel=\" noopener\">Trump firma decreto para ampliar importaciones para reducir elevados precios de la carne de vacuno<\/a><\/span><div class=\"rss_content\" style=\"\"><p>Los consumidores se han enfrentado a precios r\u00e9cord de la carne de vacuno, ya que la sequ\u00eda y los incendios forestales han reducido el suministro<\/p><\/div><\/li><\/ul> <\/div><style type=\"text\/css\" media=\"all\">.feedzy-rss .rss_item .rss_image{float:left;position:relative;border:none;text-decoration:none;max-width:100%}.feedzy-rss .rss_item .rss_image span{display:inline-block;position:absolute;width:100%;height:100%;background-position:50%;background-size:cover}.feedzy-rss .rss_item .rss_image{margin:.3em 1em 0 0;content-visibility:auto}.feedzy-rss ul{list-style:none}.feedzy-rss ul li{display:inline-block}<\/style>\t\t\t\t<\/div>\n\t\t\t\t<\/div>\n\t\t\t\t<\/div>\n\t\t<div class=\"elementor-element elementor-element-8bf125d e-con-full e-flex e-con e-child\" data-id=\"8bf125d\" data-element_type=\"container\" data-e-type=\"container\">\n\t\t\t\t<div class=\"elementor-element elementor-element-326eab3 elementor-widget elementor-widget-feedzy-rss-feeds\" data-id=\"326eab3\" data-element_type=\"widget\" data-e-type=\"widget\" data-widget_type=\"feedzy-rss-feeds.default\">\n\t\t\t\t<div class=\"elementor-widget-container\">\n\t\t\t\t\t<p class=\"widget-title\">Deportes<\/p><div class=\"feedzy-ffe7a31138c8e9898bff9afd8b14db46 feedzy-rss\"><ul><li  style=\"padding: 15px 0 25px\" class=\"rss_item\"><div class=\"rss_image\" style=\"height:150px;width:150px;\"><a href=\"https:\/\/www.futbolred.com\/seleccion-colombia\/levantemos-a-colombia-en-vivo-hora-y-canal-para-ver-gratis-el-partido-hoy-271710\" target=\"_blank\" rel=\" noopener\" title=\"Levantemos a Colombia EN VIVO: as\u00ed puede ver gratis el partido\" style=\"height:150px;width:150px;\"><img decoding=\"async\" src=\"https:\/\/www.futbolred.com\/files\/article_graphic\/uploads\/2025\/12\/20\/69474a3a60777.jpeg\" title=\"Levantemos a Colombia EN VIVO: as\u00ed puede ver gratis el partido\" style=\"height:150px;width:150px\"><\/a><\/div><span class=\"title\"><a href=\"https:\/\/www.futbolred.com\/seleccion-colombia\/levantemos-a-colombia-en-vivo-hora-y-canal-para-ver-gratis-el-partido-hoy-271710\" target=\"_blank\" rel=\" noopener\">Levantemos a Colombia EN VIVO: as\u00ed puede ver gratis el partido<\/a><\/span><div class=\"rss_content\" style=\"\"><small>por <a href=\"\/\/www.futbolred.com\" target=\"_blank\" title=\"www.futbolred.com\">FUTBOLRED.COM - Selecci\u00f3n Colombia<\/a> <\/small><p>Mario Yepes habl\u00f3 sobre las leyendas que dir\u00e1n presente y exalt\u00f3 su inter\u00e9s en ayudar.<\/p><\/div><\/li><li  style=\"padding: 15px 0 25px\" class=\"rss_item\"><div class=\"rss_image\" style=\"height:150px;width:150px;\"><a href=\"https:\/\/www.futbolred.com\/seleccion-colombia\/colombia-definio-convocadas-para-disputar-mundial-femenino-sub-20-en-polonia-271726\" target=\"_blank\" rel=\" noopener\" title=\"Colombia defini\u00f3 cartas para jugar el Mundial femenino Sub-20\" style=\"height:150px;width:150px;\"><img decoding=\"async\" src=\"https:\/\/www.futbolred.com\/files\/article_graphic\/uploads\/2026\/02\/08\/6988f7ac2c404.png\" title=\"Colombia defini\u00f3 cartas para jugar el Mundial femenino Sub-20\" style=\"height:150px;width:150px\"><\/a><\/div><span class=\"title\"><a href=\"https:\/\/www.futbolred.com\/seleccion-colombia\/colombia-definio-convocadas-para-disputar-mundial-femenino-sub-20-en-polonia-271726\" target=\"_blank\" rel=\" noopener\">Colombia defini\u00f3 cartas para jugar el Mundial femenino Sub-20<\/a><\/span><div class=\"rss_content\" style=\"\"><small>por <a href=\"\/\/www.futbolred.com\" target=\"_blank\" title=\"www.futbolred.com\">FUTBOLRED.COM - Selecci\u00f3n Colombia<\/a> <\/small><p>El t\u00e9cnico Carlos Paniagua dio a conocer el listado de 21 jugadoras para competir en Polonia.<\/p><\/div><\/li><li  style=\"padding: 15px 0 25px\" class=\"rss_item\"><div class=\"rss_image\" style=\"height:150px;width:150px;\"><a href=\"https:\/\/www.futbolred.com\/colombianos-en-el-exterior\/gol-de-kevin-serna-hoy-con-fluminense-pide-pista-en-la-seleccion-colombia-271801\" target=\"_blank\" rel=\" noopener\" title=\"Kevin Serna &#039;est\u00e1 volando&#039; y pide pista en la Selecci\u00f3n Colombia\" style=\"height:150px;width:150px;\"><img decoding=\"async\" src=\"https:\/\/www.futbolred.com\/files\/article_graphic\/uploads\/2026\/02\/22\/699b91d715916.jpeg\" title=\"Kevin Serna &#039;est\u00e1 volando&#039; y pide pista en la Selecci\u00f3n Colombia\" style=\"height:150px;width:150px\"><\/a><\/div><span class=\"title\"><a href=\"https:\/\/www.futbolred.com\/colombianos-en-el-exterior\/gol-de-kevin-serna-hoy-con-fluminense-pide-pista-en-la-seleccion-colombia-271801\" target=\"_blank\" rel=\" noopener\">Kevin Serna 'est\u00e1 volando' y pide pista en la Selecci\u00f3n Colombia<\/a><\/span><div class=\"rss_content\" style=\"\"><small>por <a href=\"\/\/www.futbolred.com\" target=\"_blank\" title=\"www.futbolred.com\">FUTBOLRED.COM - Selecci\u00f3n Colombia<\/a> <\/small><p>El futbolista lleva tres goles importantes en los \u00faltimos tres partidos del Fluminense.<\/p><\/div><\/li><\/ul> <\/div><style type=\"text\/css\" media=\"all\">.feedzy-rss .rss_item .rss_image{float:left;position:relative;border:none;text-decoration:none;max-width:100%}.feedzy-rss .rss_item .rss_image span{display:inline-block;position:absolute;width:100%;height:100%;background-position:50%;background-size:cover}.feedzy-rss .rss_item .rss_image{margin:.3em 1em 0 0;content-visibility:auto}.feedzy-rss ul{list-style:none}.feedzy-rss ul li{display:inline-block}<\/style>\t\t\t\t<\/div>\n\t\t\t\t<\/div>\n\t\t\t\t<\/div>\n\t\t<div class=\"elementor-element elementor-element-a296b03 e-con-full e-flex e-con e-child\" data-id=\"a296b03\" data-element_type=\"container\" data-e-type=\"container\">\n\t\t\t\t<div class=\"elementor-element elementor-element-27e4a56 elementor-widget elementor-widget-feedzy-rss-feeds\" data-id=\"27e4a56\" data-element_type=\"widget\" data-e-type=\"widget\" data-widget_type=\"feedzy-rss-feeds.default\">\n\t\t\t\t<div class=\"elementor-widget-container\">\n\t\t\t\t\t<p class=\"widget-title\">Economia<\/p><div class=\"feedzy-d322896b7b40168416cb888640f3d813 feedzy-rss\"><ul><li  style=\"padding: 15px 0 25px\" class=\"rss_item\"><div class=\"rss_image\" style=\"height:150px;width:150px;\"><a href=\"https:\/\/elpais.com\/economia\/2026-07-24\/razones-para-contratar-un-seguro-de-coche.html\" target=\"_blank\" rel=\" noopener\" title=\"Razones para contratar un seguro de coche\" style=\"height:150px;width:150px;\"><img decoding=\"async\" src=\"https:\/\/imagenes.elpais.com\/resizer\/v2\/5OALWSZXZZBJBFHAD73HZQMBTA.jpg?auth=c98f8605b049fd43d5b222ba99408901c88cc241a3098d029b0ae88210b3acdc\" title=\"Razones para contratar un seguro de coche\" style=\"height:150px;width:150px\"><\/a><\/div><span class=\"title\"><a href=\"https:\/\/elpais.com\/economia\/2026-07-24\/razones-para-contratar-un-seguro-de-coche.html\" target=\"_blank\" rel=\" noopener\">Razones para contratar un seguro de coche<\/a><\/span><div class=\"rss_content\" style=\"\"><small>por <a href=\"\/\/elpais.com\" target=\"_blank\" title=\"elpais.com\">R.S. (Econom\u00eda en EL PA\u00cdS)<\/a> <\/small><p>M\u00e1s all\u00e1 de la obligatoriedad de contar al menos con un seguro de responsabilidad civil para poder circular legalmente, las coberturas de Zurich ofrecen ventajas como la asistencia en carretera 24 horas los siete d\u00edas de la semana<\/p><\/div><\/li><li  style=\"padding: 15px 0 25px\" class=\"rss_item\"><span class=\"title\"><a href=\"https:\/\/elpais.com\/economia\/branded\/el-poder-de-las-empresas\/2026-07-29\/el-destino-dorado-del-turismo-espanol.html\" target=\"_blank\" rel=\" noopener\">El destino dorado del turismo espa\u00f1ol<\/a><\/span><div class=\"rss_content\" style=\"\"><small>por <a href=\"\/\/elpais.com\" target=\"_blank\" title=\"elpais.com\">Javier Antonio Fern\u00e1ndez P\u00e9rez (Econom\u00eda en EL PA\u00cdS)<\/a> <\/small><p>Las 685.856 empresas de la industria de los viajes, la hospitalidad y el ocio conforman uno de los principales motores de la econom\u00eda espa\u00f1ola: suponen el 12,6% del Producto Interior Bruto (PIB) y casi el 13% del empleo. Las cifras del sector baten r\u00e9cords cada a\u00f1o, pero abren un debate sobre d\u00f3nde est\u00e1 el tope<\/p><\/div><\/li><li  style=\"padding: 15px 0 25px\" class=\"rss_item\"><div class=\"rss_image\" style=\"height:150px;width:150px;\"><a href=\"https:\/\/elpais.com\/economia\/2026-07-29\/la-aerotermia-una-innovadora-apuesta-por-el-ahorro-energetico-y-economico-en-el-hogar.html\" target=\"_blank\" rel=\" noopener\" title=\"La aerotermia, una innovadora apuesta por el ahorro energ\u00e9tico (y econ\u00f3mico) en el hogar\" style=\"height:150px;width:150px;\"><img decoding=\"async\" src=\"https:\/\/imagenes.elpais.com\/resizer\/v2\/MTPRANPZIRGEPHQV7PUZ2QBS6I.jpg?auth=30730c39f182b0e0c2beec9473803c1fe31ad2bc32a589c9d5fdebd58f3dde8a\" title=\"La aerotermia, una innovadora apuesta por el ahorro energ\u00e9tico (y econ\u00f3mico) en el hogar\" style=\"height:150px;width:150px\"><\/a><\/div><span class=\"title\"><a href=\"https:\/\/elpais.com\/economia\/2026-07-29\/la-aerotermia-una-innovadora-apuesta-por-el-ahorro-energetico-y-economico-en-el-hogar.html\" target=\"_blank\" rel=\" noopener\">La aerotermia, una innovadora apuesta por el ahorro energ\u00e9tico (y econ\u00f3mico) en el hogar<\/a><\/span><div class=\"rss_content\" style=\"\"><small>por <a href=\"\/\/elpais.com\" target=\"_blank\" title=\"elpais.com\">B. C. (Econom\u00eda en EL PA\u00cdS)<\/a> <\/small><p>Este sistema de climatizaci\u00f3n emplea un \u00fanico equipo para la calefacci\u00f3n, refrigeraci\u00f3n y agua caliente sanitaria. Al integrar varias funciones, simplifica la instalaci\u00f3n, aumenta el confort y reduce el consumo energ\u00e9tico. Adem\u00e1s, su coste de funcionamiento es hasta un 50% inferior al de las calderas de gas\u00f3leo, seg\u00fan la empresa Ecoforest<\/p><\/div><\/li><\/ul> <\/div><style type=\"text\/css\" media=\"all\">.feedzy-rss .rss_item .rss_image{float:left;position:relative;border:none;text-decoration:none;max-width:100%}.feedzy-rss .rss_item .rss_image span{display:inline-block;position:absolute;width:100%;height:100%;background-position:50%;background-size:cover}.feedzy-rss .rss_item .rss_image{margin:.3em 1em 0 0;content-visibility:auto}.feedzy-rss ul{list-style:none}.feedzy-rss ul li{display:inline-block}<\/style>\t\t\t\t<\/div>\n\t\t\t\t<\/div>\n\t\t\t\t<\/div>\n\t\t<div class=\"elementor-element elementor-element-737add9 e-con-full e-flex e-con e-child\" data-id=\"737add9\" data-element_type=\"container\" data-e-type=\"container\">\n\t\t\t\t<div class=\"elementor-element elementor-element-e8761c1 elementor-widget elementor-widget-feedzy-rss-feeds\" data-id=\"e8761c1\" data-element_type=\"widget\" data-e-type=\"widget\" data-widget_type=\"feedzy-rss-feeds.default\">\n\t\t\t\t<div class=\"elementor-widget-container\">\n\t\t\t\t\t<p class=\"widget-title\">Justicia<\/p><div class=\"feedzy-bdf190e03a7e4bbbd83e3c117d7d877b feedzy-rss\"><ul><li  style=\"padding: 15px 0 25px\" class=\"rss_item\"><div class=\"rss_image\" style=\"height:150px;width:150px;\"><a href=\"https:\/\/www.eltiempo.com\/justicia\/delitos\/presidente-abelardo-de-la-espriella-informo-del-golpe-contundente-a-las-disidencias-de-ivan-mordisco-en-el-valle-del-cauca-3582203\" target=\"_blank\" rel=\" noopener\" title=\"Presidente Abelardo De La Espriella anunci\u00f3 &#039;golpe contundente&#039; a las disidencias de &#039;Iv\u00e1n Mordisco&#039; en el Valle del Cauca\" style=\"height:150px;width:150px;\"><img decoding=\"async\" src=\"https:\/\/imagenes2.eltiempo.com\/files\/og_thumbnail\/files\/fp\/uploads\/2026\/08\/22\/6a89cf4cebc8a.r_d.1260-461-0.png\" title=\"Presidente Abelardo De La Espriella anunci\u00f3 &#039;golpe contundente&#039; a las disidencias de &#039;Iv\u00e1n Mordisco&#039; en el Valle del Cauca\" style=\"height:150px;width:150px\"><\/a><\/div><span class=\"title\"><a href=\"https:\/\/www.eltiempo.com\/justicia\/delitos\/presidente-abelardo-de-la-espriella-informo-del-golpe-contundente-a-las-disidencias-de-ivan-mordisco-en-el-valle-del-cauca-3582203\" target=\"_blank\" rel=\" noopener\">Presidente Abelardo De La Espriella anunci\u00f3 'golpe contundente' a las disidencias de 'Iv\u00e1n Mordisco' en el Valle del Cauca<\/a><\/span><div class=\"rss_content\" style=\"\"><small>por <a href=\"\/\/www.eltiempo.com\" target=\"_blank\" title=\"www.eltiempo.com\">EL TIEMPO.COM -Delitos<\/a> <\/small><p>Seg\u00fan el mandatario, alias 'Felipe' o 'Arcadio' fue dado de baja y estar\u00eda relacionado con acciones violentas en el departamento.<\/p><\/div><\/li><li  style=\"padding: 15px 0 25px\" class=\"rss_item\"><div class=\"rss_image\" style=\"height:150px;width:150px;\"><a href=\"https:\/\/www.eltiempo.com\/justicia\/delitos\/david-murcia-guzman-compartira-carcel-con-capos-de-itaguei-estos-son-los-detalles-del-traslado-del-condenado-por-caso-dmg-a-la-carcel-de-palogordo-3582211\" target=\"_blank\" rel=\" noopener\" title=\"David Murcia Guzm\u00e1n compartir\u00e1 c\u00e1rcel con capos de Itag\u00fc\u00ed: estos son los detalles del traslado del condenado por caso DMG a la c\u00e1rcel de Palogordo\" style=\"height:150px;width:150px;\"><img decoding=\"async\" src=\"https:\/\/imagenes2.eltiempo.com\/files\/og_thumbnail\/files\/fp\/uploads\/2019\/11\/29\/5de137d861fd0.r_d.1443-691-0.jpeg\" title=\"David Murcia Guzm\u00e1n compartir\u00e1 c\u00e1rcel con capos de Itag\u00fc\u00ed: estos son los detalles del traslado del condenado por caso DMG a la c\u00e1rcel de Palogordo\" style=\"height:150px;width:150px\"><\/a><\/div><span class=\"title\"><a href=\"https:\/\/www.eltiempo.com\/justicia\/delitos\/david-murcia-guzman-compartira-carcel-con-capos-de-itaguei-estos-son-los-detalles-del-traslado-del-condenado-por-caso-dmg-a-la-carcel-de-palogordo-3582211\" target=\"_blank\" rel=\" noopener\">David Murcia Guzm\u00e1n compartir\u00e1 c\u00e1rcel con capos de Itag\u00fc\u00ed: estos son los detalles del traslado del condenado por caso DMG a la c\u00e1rcel de Palogordo<\/a><\/span><div class=\"rss_content\" style=\"\"><small>por <a href=\"\/\/www.eltiempo.com\" target=\"_blank\" title=\"www.eltiempo.com\">EL TIEMPO.COM -Delitos<\/a> <\/small><p>A la c\u00e1rcel de m\u00e1xima seguridad ya hab\u00edan sido trasladados 17 reclusos de alta peligrosidad provenientes principalmente del penal de Itag\u00fc\u00ed.<\/p><\/div><\/li><li  style=\"padding: 15px 0 25px\" class=\"rss_item\"><div class=\"rss_image\" style=\"height:150px;width:150px;\"><a href=\"https:\/\/www.eltiempo.com\/justicia\/delitos\/empezaron-las-medidas-para-tratar-de-poner-orden-en-las-carceles-y-los-que-estan-en-detencion-domiciliaria-3582258\" target=\"_blank\" rel=\" noopener\" title=\"Empezaron las medidas para tratar de poner orden en las c\u00e1rceles: \u00bfy los que est\u00e1n en detenci\u00f3n domiciliaria?\" style=\"height:150px;width:150px;\"><img decoding=\"async\" src=\"https:\/\/imagenes2.eltiempo.com\/files\/og_thumbnail\/files\/fp\/uploads\/2026\/08\/25\/6a8de07bce509.r_d.870-362-0.jpeg\" title=\"Empezaron las medidas para tratar de poner orden en las c\u00e1rceles: \u00bfy los que est\u00e1n en detenci\u00f3n domiciliaria?\" style=\"height:150px;width:150px\"><\/a><\/div><span class=\"title\"><a href=\"https:\/\/www.eltiempo.com\/justicia\/delitos\/empezaron-las-medidas-para-tratar-de-poner-orden-en-las-carceles-y-los-que-estan-en-detencion-domiciliaria-3582258\" target=\"_blank\" rel=\" noopener\">Empezaron las medidas para tratar de poner orden en las c\u00e1rceles: \u00bfy los que est\u00e1n en detenci\u00f3n domiciliaria?<\/a><\/span><div class=\"rss_content\" style=\"\"><small>por <a href=\"\/\/www.eltiempo.com\" target=\"_blank\" title=\"www.eltiempo.com\">EL TIEMPO.COM -Delitos<\/a> <\/small><p>La \u2018casa por c\u00e1rcel\u2019 es uno de los beneficios m\u00e1s buscados por los que legalmente pueden exigirlo y por los que pueden conseguirlos a punta de plata.<\/p><\/div><\/li><\/ul> <\/div><style type=\"text\/css\" media=\"all\">.feedzy-rss .rss_item .rss_image{float:left;position:relative;border:none;text-decoration:none;max-width:100%}.feedzy-rss .rss_item .rss_image span{display:inline-block;position:absolute;width:100%;height:100%;background-position:50%;background-size:cover}.feedzy-rss .rss_item .rss_image{margin:.3em 1em 0 0;content-visibility:auto}.feedzy-rss ul{list-style:none}.feedzy-rss ul li{display:inline-block}<\/style>\t\t\t\t<\/div>\n\t\t\t\t<\/div>\n\t\t\t\t<\/div>\n\t\t<div class=\"elementor-element elementor-element-0fe3a97 e-con-full e-flex e-con e-child\" data-id=\"0fe3a97\" data-element_type=\"container\" data-e-type=\"container\">\n\t\t\t\t<div class=\"elementor-element elementor-element-28d5582 elementor-widget elementor-widget-feedzy-rss-feeds\" data-id=\"28d5582\" data-element_type=\"widget\" data-e-type=\"widget\" data-widget_type=\"feedzy-rss-feeds.default\">\n\t\t\t\t<div class=\"elementor-widget-container\">\n\t\t\t\t\t<p class=\"widget-title\">Politica<\/p><div class=\"feedzy-756b525cf72830d42b9a499a302bcafd feedzy-rss\"><ul><li  style=\"padding: 15px 0 25px\" class=\"rss_item\"><div class=\"rss_image\" style=\"height:150px;width:150px;\"><a href=\"https:\/\/www.eltiempo.com\/politica\/gobierno\/gobierno-de-de-la-espriella-prepara-nuevo-codigo-nacional-de-transito-estas-son-las-medidas-3582745\" target=\"_blank\" rel=\" noopener\" title=\"Gobierno de De La Espriella prepara nuevo C\u00f3digo Nacional de Tr\u00e1nsito: estas son las medidas\" style=\"height:150px;width:150px;\"><img decoding=\"async\" src=\"https:\/\/imagenes2.eltiempo.com\/files\/og_thumbnail\/files\/fp\/uploads\/2026\/09\/01\/6a972d15ebaf1.r_d.242-217-0.jpeg\" title=\"Gobierno de De La Espriella prepara nuevo C\u00f3digo Nacional de Tr\u00e1nsito: estas son las medidas\" style=\"height:150px;width:150px\"><\/a><\/div><span class=\"title\"><a href=\"https:\/\/www.eltiempo.com\/politica\/gobierno\/gobierno-de-de-la-espriella-prepara-nuevo-codigo-nacional-de-transito-estas-son-las-medidas-3582745\" target=\"_blank\" rel=\" noopener\">Gobierno de De La Espriella prepara nuevo C\u00f3digo Nacional de Tr\u00e1nsito: estas son las medidas<\/a><\/span><div class=\"rss_content\" style=\"\"><small>por <a href=\"\/\/www.eltiempo.com\" target=\"_blank\" title=\"www.eltiempo.com\">EL TIEMPO.COM -Pol\u00edtica<\/a> <\/small><p>Siga el EN VIVO con el an\u00f1alisios de la informaci\u00f3n.<\/p><\/div><\/li><li  style=\"padding: 15px 0 25px\" class=\"rss_item\"><div class=\"rss_image\" style=\"height:150px;width:150px;\"><a href=\"https:\/\/www.eltiempo.com\/politica\/gobierno\/presidente-abelardo-de-la-espriella-posesiono-a-los-nuevos-magistrados-del-consejo-nacional-electoral-cne-3582686\" target=\"_blank\" rel=\" noopener\" title=\"Presidente Abelardo De La Espriella posesion\u00f3 a los nuevos magistrados del Consejo Nacional Electoral (CNE)\" style=\"height:150px;width:150px;\"><img decoding=\"async\" src=\"https:\/\/imagenes2.eltiempo.com\/files\/og_thumbnail\/files\/fp\/uploads\/2026\/09\/01\/6a9727f82cb59.r_d.866-522-0.jpeg\" title=\"Presidente Abelardo De La Espriella posesion\u00f3 a los nuevos magistrados del Consejo Nacional Electoral (CNE)\" style=\"height:150px;width:150px\"><\/a><\/div><span class=\"title\"><a href=\"https:\/\/www.eltiempo.com\/politica\/gobierno\/presidente-abelardo-de-la-espriella-posesiono-a-los-nuevos-magistrados-del-consejo-nacional-electoral-cne-3582686\" target=\"_blank\" rel=\" noopener\">Presidente Abelardo De La Espriella posesion\u00f3 a los nuevos magistrados del Consejo Nacional Electoral (CNE)<\/a><\/span><div class=\"rss_content\" style=\"\"><small>por <a href=\"\/\/www.eltiempo.com\" target=\"_blank\" title=\"www.eltiempo.com\">EL TIEMPO.COM -Pol\u00edtica<\/a> <\/small><p>El acto de juramentaci\u00f3n se llev\u00f3 a cabo en la ciudad de Barranquilla. Los togados estar\u00e1n en el \u00f3rgano electoral los pr\u00f3ximos cuatro a\u00f1os.<\/p><\/div><\/li><li  style=\"padding: 15px 0 25px\" class=\"rss_item\"><div class=\"rss_image\" style=\"height:150px;width:150px;\"><a href=\"https:\/\/www.lafm.com.co\/politica\/corte-constitucional-aclara-el-futuro-de-la-reforma-pensional-el-debate-sigue-abierto-409630\" target=\"_blank\" rel=\" noopener\" title=\"Reforma pensional sigue en vilo: Corte Constitucional aclar\u00f3 su decisi\u00f3n y asegura que el debate sigue abierto\" style=\"height:150px;width:150px;\"><img decoding=\"async\" src=\"https:\/\/files.lafm.com.co\/media\/news-images\/2026\/09\/01\/200226\/reforma-pensional-corte-1200x675.png\" title=\"Reforma pensional sigue en vilo: Corte Constitucional aclar\u00f3 su decisi\u00f3n y asegura que el debate sigue abierto\" style=\"height:150px;width:150px\"><\/a><\/div><span class=\"title\"><a href=\"https:\/\/www.lafm.com.co\/politica\/corte-constitucional-aclara-el-futuro-de-la-reforma-pensional-el-debate-sigue-abierto-409630\" target=\"_blank\" rel=\" noopener\">Reforma pensional sigue en vilo: Corte Constitucional aclar\u00f3 su decisi\u00f3n y asegura que el debate sigue abierto<\/a><\/span><div class=\"rss_content\" style=\"\"><small>por <a href=\"\/\/www.lafm.com.co\" target=\"_blank\" title=\"www.lafm.com.co\">La FM - Pol\u00edtica<\/a> <\/small><p>La Corte Constitucional aval\u00f3 m\u00e1s de 80 art\u00edculos de la reforma pensional, que comenzar\u00e1 a regir en 2027, pero nueve deber\u00e1n volver al Congreso.<\/p><\/div><\/li><\/ul> <\/div><style type=\"text\/css\" media=\"all\">.feedzy-rss .rss_item .rss_image{float:left;position:relative;border:none;text-decoration:none;max-width:100%}.feedzy-rss .rss_item .rss_image span{display:inline-block;position:absolute;width:100%;height:100%;background-position:50%;background-size:cover}.feedzy-rss .rss_item .rss_image{margin:.3em 1em 0 0;content-visibility:auto}.feedzy-rss ul{list-style:none}.feedzy-rss ul li{display:inline-block}<\/style>\t\t\t\t<\/div>\n\t\t\t\t<\/div>\n\t\t\t\t<\/div>\n\t\t<div class=\"elementor-element elementor-element-9c0aab4 e-con-full e-flex e-con e-child\" data-id=\"9c0aab4\" data-element_type=\"container\" data-e-type=\"container\">\n\t\t\t\t<div class=\"elementor-element elementor-element-8431a94 elementor-widget elementor-widget-feedzy-rss-feeds\" data-id=\"8431a94\" data-element_type=\"widget\" data-e-type=\"widget\" data-widget_type=\"feedzy-rss-feeds.default\">\n\t\t\t\t<div class=\"elementor-widget-container\">\n\t\t\t\t\t<p class=\"widget-title\">Latinoamerica<\/p><div class=\"feedzy-6444b3093f1bbf93770cfebf279649be feedzy-rss\"><ul><li  style=\"padding: 15px 0 25px\" class=\"rss_item\"><div class=\"rss_image\" style=\"height:150px;width:150px;\"><a href=\"https:\/\/elpais.com\/mexico\/2026-09-01\/semifinales-de-la-leagues-cup-2026-fechas-horarios-sedes-y-donde-ver-los-partidos.html\" target=\"_blank\" rel=\" noopener\" title=\"Semifinales de la Leagues Cup 2026: fechas, horarios, sedes y d\u00f3nde ver los partidos\" style=\"height:150px;width:150px;\"><img decoding=\"async\" src=\"https:\/\/imagenes.elpais.com\/resizer\/v2\/5EQHC25O7ZJ2VORCYSILMQKOZ4.jpg?auth=8e45a0ece61305b817b0aea32e716f277ed7e04ae95997e25c11e4909ef88901\" title=\"Semifinales de la Leagues Cup 2026: fechas, horarios, sedes y d\u00f3nde ver los partidos\" style=\"height:150px;width:150px\"><\/a><\/div><span class=\"title\"><a href=\"https:\/\/elpais.com\/mexico\/2026-09-01\/semifinales-de-la-leagues-cup-2026-fechas-horarios-sedes-y-donde-ver-los-partidos.html\" target=\"_blank\" rel=\" noopener\">Semifinales de la Leagues Cup 2026: fechas, horarios, sedes y d\u00f3nde ver los partidos<\/a><\/span><div class=\"rss_content\" style=\"\"><small>por <a href=\"\/\/elpais.com\" target=\"_blank\" title=\"elpais.com\">Jes\u00fas Garc\u00eda Cruz (EL PA\u00cdS Edici\u00f3n M\u00e9xico: el peri\u00f3dico global en EL PA\u00cdS)<\/a> <\/small><p>Cuatro clubes de la liga mexicana buscan el pase finalista tras eliminar por completo a los representantes de Estados Unidos<\/p><\/div><\/li><li  style=\"padding: 15px 0 25px\" class=\"rss_item\"><div class=\"rss_image\" style=\"height:150px;width:150px;\"><a href=\"https:\/\/elpais.com\/argentina\/2026-09-01\/milei-busca-asegurar-el-respaldo-de-estados-unidos-en-el-inicio-de-la-carrera-electoral.html\" target=\"_blank\" rel=\" noopener\" title=\"Milei busca asegurar el respaldo de Estados Unidos en el inicio de la carrera electoral\" style=\"height:150px;width:150px;\"><img decoding=\"async\" src=\"https:\/\/imagenes.elpais.com\/resizer\/v2\/XICZV7ZDSRGUNBFSJOU6RS6P5Q.jpeg?auth=51fa9052e8c33d7344678f15ac93884992bb61bb5ad45cf828536b828d0110b4\" title=\"Milei busca asegurar el respaldo de Estados Unidos en el inicio de la carrera electoral\" style=\"height:150px;width:150px\"><\/a><\/div><span class=\"title\"><a href=\"https:\/\/elpais.com\/argentina\/2026-09-01\/milei-busca-asegurar-el-respaldo-de-estados-unidos-en-el-inicio-de-la-carrera-electoral.html\" target=\"_blank\" rel=\" noopener\">Milei busca asegurar el respaldo de Estados Unidos en el inicio de la carrera electoral<\/a><\/span><div class=\"rss_content\" style=\"\"><small>por <a href=\"\/\/elpais.com\" target=\"_blank\" title=\"elpais.com\">Delfina Torres (EL PA\u00cdS Edici\u00f3n Argentina: el peri\u00f3dico global en EL PA\u00cdS)<\/a> <\/small><p>El ministro de Econom\u00eda, Luis Caputo, mantuvo un encuentro con Scott Bessent, articulador central del rescate financiero que recibi\u00f3 Argentina en 2025<\/p><\/div><\/li><li  style=\"padding: 15px 0 25px\" class=\"rss_item\"><div class=\"rss_image\" style=\"height:150px;width:150px;\"><a href=\"https:\/\/elpais.com\/argentina\/2026-09-01\/milei-busca-asegurar-el-respaldo-de-estados-unidos-en-el-inicio-de-la-carrera-electoral.html\" target=\"_blank\" rel=\" noopener\" title=\"Milei busca asegurar el respaldo de Estados Unidos en el inicio de la carrera electoral\" style=\"height:150px;width:150px;\"><img decoding=\"async\" src=\"https:\/\/imagenes.elpais.com\/resizer\/v2\/XICZV7ZDSRGUNBFSJOU6RS6P5Q.jpeg?auth=51fa9052e8c33d7344678f15ac93884992bb61bb5ad45cf828536b828d0110b4\" title=\"Milei busca asegurar el respaldo de Estados Unidos en el inicio de la carrera electoral\" style=\"height:150px;width:150px\"><\/a><\/div><span class=\"title\"><a href=\"https:\/\/elpais.com\/argentina\/2026-09-01\/milei-busca-asegurar-el-respaldo-de-estados-unidos-en-el-inicio-de-la-carrera-electoral.html\" target=\"_blank\" rel=\" noopener\">Milei busca asegurar el respaldo de Estados Unidos en el inicio de la carrera electoral<\/a><\/span><div class=\"rss_content\" style=\"\"><small>por <a href=\"\/\/elpais.com\" target=\"_blank\" title=\"elpais.com\">Delfina Torres (EL PA\u00cdS Edici\u00f3n Chile: El peri\u00f3dico global en EL PA\u00cdS)<\/a> <\/small><p>El ministro de Econom\u00eda, Luis Caputo, mantuvo un encuentro con Scott Bessent, articulador central del rescate financiero que recibi\u00f3 Argentina en 2025<\/p><\/div><\/li><\/ul> <\/div><style type=\"text\/css\" media=\"all\">.feedzy-rss .rss_item .rss_image{float:left;position:relative;border:none;text-decoration:none;max-width:100%}.feedzy-rss .rss_item .rss_image span{display:inline-block;position:absolute;width:100%;height:100%;background-position:50%;background-size:cover}.feedzy-rss .rss_item .rss_image{margin:.3em 1em 0 0;content-visibility:auto}.feedzy-rss ul{list-style:none}.feedzy-rss ul li{display:inline-block}<\/style>\t\t\t\t<\/div>\n\t\t\t\t<\/div>\n\t\t\t\t<\/div>\n\t\t<div class=\"elementor-element elementor-element-3080c47 e-con-full e-flex e-con e-child\" data-id=\"3080c47\" data-element_type=\"container\" data-e-type=\"container\">\n\t\t\t\t<div class=\"elementor-element elementor-element-8096ef3 elementor-widget elementor-widget-feedzy-rss-feeds\" data-id=\"8096ef3\" data-element_type=\"widget\" data-e-type=\"widget\" data-widget_type=\"feedzy-rss-feeds.default\">\n\t\t\t\t<div class=\"elementor-widget-container\">\n\t\t\t\t\t<p class=\"widget-title\">Mundo<\/p><div class=\"feedzy-19a4161d819aff3def9a930b0b6b4177 feedzy-rss\"><ul><li  style=\"padding: 15px 0 25px\" class=\"rss_item\"><div class=\"rss_image\" style=\"height:150px;width:150px;\"><a href=\"https:\/\/elpais.com\/opinion\/2026-08-25\/carta-abierta-de-sergio-ramirez-al-presidente-lula-da-silva.html\" target=\"_blank\" rel=\" noopener\" title=\"Carta abierta de Sergio Ram\u00edrez al presidente Lula da Silva\" style=\"height:150px;width:150px;\"><img decoding=\"async\" src=\"https:\/\/imagenes.elpais.com\/resizer\/v2\/3UMIA5XGLJJNVNDKPY7PT3XZ4Q.jpg?auth=09236ec9baa4c06a6166a7e9b5fc8c4af57f5bf4f4fc8bc8da7e6e8a4aac3f51\" title=\"Carta abierta de Sergio Ram\u00edrez al presidente Lula da Silva\" style=\"height:150px;width:150px\"><\/a><\/div><span class=\"title\"><a href=\"https:\/\/elpais.com\/opinion\/2026-08-25\/carta-abierta-de-sergio-ramirez-al-presidente-lula-da-silva.html\" target=\"_blank\" rel=\" noopener\">Carta abierta de Sergio Ram\u00edrez al presidente Lula da Silva<\/a><\/span><div class=\"rss_content\" style=\"\"><small>por <a href=\"\/\/elpais.com\" target=\"_blank\" title=\"elpais.com\">Sergio Ram\u00edrez (Internacional en EL PA\u00cdS)<\/a> <\/small><p>Ortega ha suprimido las elecciones. No le niegue usted a Nicaragua el derecho a elegir libremente, el mismo que puede hacerlo presidente de Brasil por cuarta vez<\/p><\/div><\/li><li  style=\"padding: 15px 0 25px\" class=\"rss_item\"><span class=\"title\"><a href=\"https:\/\/elpais.com\/internacional\/2026-08-25\/canada-impone-nuevos-aranceles-de-entre-el-15-y-el-50-a-estados-unidos-como-represalia-a-los-de-trump.html\" target=\"_blank\" rel=\" noopener\">Canad\u00e1 impone nuevos aranceles de entre el 15% y el 50% a Estados Unidos como represalia a los de Trump<\/a><\/span><div class=\"rss_content\" style=\"\"><small>por <a href=\"\/\/elpais.com\" target=\"_blank\" title=\"elpais.com\">Macarena  Vidal Liy (Internacional en EL PA\u00cdS)<\/a> <\/small><p>Los nuevos grav\u00e1menes, que se dirigen a productos por un valor de unos 20.000 millones de d\u00f3lares, entrar\u00e1n en vigor el 8 de septiembre<\/p><\/div><\/li><li  style=\"padding: 15px 0 25px\" class=\"rss_item\"><div class=\"rss_image\" style=\"height:150px;width:150px;\"><a href=\"https:\/\/elpais.com\/internacional\/2026-08-27\/estados-unidos-cada-vez-mas-una-fortaleza-contra-la-inmigracion.html\" target=\"_blank\" rel=\" noopener\" title=\"Estados Unidos, cada vez m\u00e1s una fortaleza contra la inmigraci\u00f3n\" style=\"height:150px;width:150px;\"><img decoding=\"async\" src=\"https:\/\/imagenes.elpais.com\/resizer\/v2\/PHFIN7YYZ5FBZHCPBD6GJOF4XM.jpg?auth=d458d25948d8203dcbc089d3e5f72a6dcdc66c95b32fe7725305eeed0ff91608\" title=\"Estados Unidos, cada vez m\u00e1s una fortaleza contra la inmigraci\u00f3n\" style=\"height:150px;width:150px\"><\/a><\/div><span class=\"title\"><a href=\"https:\/\/elpais.com\/internacional\/2026-08-27\/estados-unidos-cada-vez-mas-una-fortaleza-contra-la-inmigracion.html\" target=\"_blank\" rel=\" noopener\">Estados Unidos, cada vez m\u00e1s una fortaleza contra la inmigraci\u00f3n<\/a><\/span><div class=\"rss_content\" style=\"\"><small>por <a href=\"\/\/elpais.com\" target=\"_blank\" title=\"elpais.com\">Macarena  Vidal Liy (Internacional en EL PA\u00cdS)<\/a> <\/small><p>Los consulados en el extranjero han suspendido temporalmente sus citas para visados de trabajo debido a una \u201ciniciativa de formaci\u00f3n\u201d para filtrar a extranjeros que puedan suponer una carga para el pa\u00eds<\/p><\/div><\/li><\/ul> <\/div><style type=\"text\/css\" media=\"all\">.feedzy-rss .rss_item .rss_image{float:left;position:relative;border:none;text-decoration:none;max-width:100%}.feedzy-rss .rss_item .rss_image span{display:inline-block;position:absolute;width:100%;height:100%;background-position:50%;background-size:cover}.feedzy-rss .rss_item .rss_image{margin:.3em 1em 0 0;content-visibility:auto}.feedzy-rss ul{list-style:none}.feedzy-rss ul li{display:inline-block}<\/style>\t\t\t\t<\/div>\n\t\t\t\t<\/div>\n\t\t\t\t<\/div>\n\t\t\t\t\t<\/div>\n\t\t\t\t<\/div>\n\t\t<div class=\"elementor-element elementor-element-126aa27 e-flex e-con-boxed e-con e-parent\" data-id=\"126aa27\" data-element_type=\"container\" data-e-type=\"container\">\n\t\t\t\t\t<div class=\"e-con-inner\">\n\t\t\t\t<div class=\"elementor-element elementor-element-b0d34a9 elementor-widget elementor-widget-html\" data-id=\"b0d34a9\" data-element_type=\"widget\" data-e-type=\"widget\" data-widget_type=\"html.default\">\n\t\t\t\t\t<script>\r\ndocument.addEventListener('DOMContentLoaded', () => {\r\n  const feedItems = document.querySelectorAll('.rss_item');\r\n  feedItems.forEach(item => {\r\n    const link = item.querySelector('.title a')?.getAttribute('href');\r\n    if (link) {\r\n      \/\/ Obtener el dominio limpio (sin www)\r\n      let domain = new URL(link).hostname.replace(\/^www\\.\/, '');\r\n\r\n      \/\/ Crear elementos si a\u00fan no existe el autor\r\n      if (!item.querySelector('.rss_content small')){\r\n          const fuente = document.createElement('small');\r\n          fuente.textContent = 'por ';\r\n    \r\n          const hiper = document.createElement('a');\r\n          hiper.textContent = domain;\r\n          hiper.href = link;\r\n          hiper.target = '_blank';\r\n          hiper.rel = 'noopener noreferrer';\r\n    \r\n          \/\/ Ensamblar y agregar al final del item\r\n          fuente.appendChild(hiper);\r\n          const content = item.querySelector('.rss_content')\r\n          content.prepend(fuente);\r\n        }\r\n    }\r\n  });\r\n});\r\n<\/script>\r\n\t\t\t\t<\/div>\n\t\t\t\t\t<\/div>\n\t\t\t\t<\/div>\n\t\t\t\t<\/div>\n\t\t","protected":false},"excerpt":{"rendered":"<p>Noticias de interes Conoce nuestros espacios recreativos disponibles para ti En el condominio campestre santateresita encontrar\u00e1s una amplia variedad de espacios recreativos dise\u00f1ados para todas las edades. Conocelos aqui&#8230; octubre 22, 2025 Ahora puedes hacer el pago de administraci\u00f3n en linea A partir de pasado 3 de octubre puedes realizar el pago de administraci\u00f3n de&#8230;<\/p>\n","protected":false},"author":1,"featured_media":0,"parent":0,"menu_order":0,"comment_status":"closed","ping_status":"closed","template":"","meta":{"_acf_changed":false,"_eb_attr":"","_kadence_starter_templates_imported_post":false,"_kad_post_transparent":"","_kad_post_title":"hide","_kad_post_layout":"fullwidth","_kad_post_sidebar_id":"","_kad_post_content_style":"unboxed","_kad_post_vertical_padding":"hide","_kad_post_feature":"hide","_kad_post_feature_position":"","_kad_post_header":false,"_kad_post_footer":false,"footnotes":"","_members_access_role":[],"_members_access_error":""},"class_list":["post-418","page","type-page","status-publish","hentry"],"acf":[],"_hostinger_reach_plugin_has_subscription_block":false,"_hostinger_reach_plugin_is_elementor":false,"_links":{"self":[{"href":"https:\/\/visovi.com.co\/santateresita\/wp-json\/wp\/v2\/pages\/418","targetHints":{"allow":["GET"]}}],"collection":[{"href":"https:\/\/visovi.com.co\/santateresita\/wp-json\/wp\/v2\/pages"}],"about":[{"href":"https:\/\/visovi.com.co\/santateresita\/wp-json\/wp\/v2\/types\/page"}],"author":[{"embeddable":true,"href":"https:\/\/visovi.com.co\/santateresita\/wp-json\/wp\/v2\/users\/1"}],"replies":[{"embeddable":true,"href":"https:\/\/visovi.com.co\/santateresita\/wp-json\/wp\/v2\/comments?post=418"}],"version-history":[{"count":121,"href":"https:\/\/visovi.com.co\/santateresita\/wp-json\/wp\/v2\/pages\/418\/revisions"}],"predecessor-version":[{"id":870,"href":"https:\/\/visovi.com.co\/santateresita\/wp-json\/wp\/v2\/pages\/418\/revisions\/870"}],"wp:attachment":[{"href":"https:\/\/visovi.com.co\/santateresita\/wp-json\/wp\/v2\/media?parent=418"}],"curies":[{"name":"wp","href":"https:\/\/api.w.org\/{rel}","templated":true}]}}